{"id":3771,"date":"2022-11-11T16:51:10","date_gmt":"2022-11-11T14:51:10","guid":{"rendered":"https:\/\/www.malpelo.org\/?page_id=3771"},"modified":"2022-11-11T16:51:10","modified_gmt":"2022-11-11T14:51:10","slug":"anso-raybaut-peres","status":"publish","type":"page","link":"https:\/\/www.malpelo.org\/fr\/qui-sommes-nous\/anso-raybaut-peres\/","title":{"rendered":"AnS\u00f3 Raybaut-P\u00e9r\u00e8s"},"content":{"rendered":"<p>De nationalit\u00e9 fran\u00e7aise, elle vit entre Barcelone et Paris depuis 2001. Elle collabore avec des artistes de la sc\u00e8ne ind\u00e9pendante et contemporaine dans le domaine du spectacle vivant. Experte dans le domaine des relations internationales : montage de tourn\u00e9es internationales, coordination de projets europ\u00e9ens, r\u00e9gie, production, relations professionnelles pour des festivals de courts m\u00e9trages et spectacles vivants et diverses missions en tant que conseill\u00e8re artistique. Apr\u00e8s une exp\u00e9rience \u00e0 Marseille et Paris au sein d\u2019agences de communication et d\u2019\u00e9v\u00e8nementiel par l\u2019art elle se r\u00e9oriente apr\u00e8s 5 ans vers l\u2019art puis la culture. Elle parle fran\u00e7ais, anglais, espagnol et comprend le portugais.<\/p>\n","protected":false},"excerpt":{"rendered":"<p>De nationalit\u00e9 fran\u00e7aise, elle vit entre Barcelone et Paris depuis 2001. Elle collabore avec des artistes de la sc\u00e8ne ind\u00e9pendante et contemporaine dans le domaine du spectacle vivant. Experte dans le domaine des relations internationales : montage de tourn\u00e9es internationales, coordination de projets europ\u00e9ens, r\u00e9gie, production, relations professionnelles pour des festivals de courts m\u00e9trages et [&hellip;]<\/p>\n","protected":false},"author":1,"featured_media":0,"parent":3054,"menu_order":0,"comment_status":"closed","ping_status":"closed","template":"","meta":{"_acf_changed":false,"footnotes":""},"class_list":["post-3771","page","type-page","status-publish","hentry"],"acf":[],"yoast_head":"<!-- This site is optimized with the Yoast SEO plugin v27.5 - https:\/\/yoast.com\/product\/yoast-seo-wordpress\/ -->\n<title>AnS\u00f3 Raybaut-P\u00e9r\u00e8s - Mal Pelo<\/title>\n<meta name=\"robots\" content=\"index, follow, max-snippet:-1, max-image-preview:large, max-video-preview:-1\" \/>\n<link rel=\"canonical\" href=\"https:\/\/www.malpelo.org\/fr\/qui-sommes-nous\/anso-raybaut-peres\/\" \/>\n<meta property=\"og:locale\" content=\"fr_FR\" \/>\n<meta property=\"og:type\" content=\"article\" \/>\n<meta property=\"og:title\" content=\"AnS\u00f3 Raybaut-P\u00e9r\u00e8s - Mal Pelo\" \/>\n<meta property=\"og:description\" content=\"De nationalit\u00e9 fran\u00e7aise, elle vit entre Barcelone et Paris depuis 2001. Elle collabore avec des artistes de la sc\u00e8ne ind\u00e9pendante et contemporaine dans le domaine du spectacle vivant. Experte dans le domaine des relations internationales : montage de tourn\u00e9es internationales, coordination de projets europ\u00e9ens, r\u00e9gie, production, relations professionnelles pour des festivals de courts m\u00e9trages et [&hellip;]\" \/>\n<meta property=\"og:url\" content=\"https:\/\/www.malpelo.org\/fr\/qui-sommes-nous\/anso-raybaut-peres\/\" \/>\n<meta property=\"og:site_name\" content=\"Mal Pelo\" \/>\n<meta name=\"twitter:card\" content=\"summary_large_image\" \/>\n<meta name=\"twitter:label1\" content=\"Dur\u00e9e de lecture estim\u00e9e\" \/>\n\t<meta name=\"twitter:data1\" content=\"1 minute\" \/>\n<script type=\"application\/ld+json\" class=\"yoast-schema-graph\">{\"@context\":\"https:\\\/\\\/schema.org\",\"@graph\":[{\"@type\":\"WebPage\",\"@id\":\"https:\\\/\\\/www.malpelo.org\\\/fr\\\/qui-sommes-nous\\\/anso-raybaut-peres\\\/\",\"url\":\"https:\\\/\\\/www.malpelo.org\\\/fr\\\/qui-sommes-nous\\\/anso-raybaut-peres\\\/\",\"name\":\"AnS\u00f3 Raybaut-P\u00e9r\u00e8s - Mal Pelo\",\"isPartOf\":{\"@id\":\"https:\\\/\\\/www.malpelo.org\\\/#website\"},\"datePublished\":\"2022-11-11T14:51:10+00:00\",\"breadcrumb\":{\"@id\":\"https:\\\/\\\/www.malpelo.org\\\/fr\\\/qui-sommes-nous\\\/anso-raybaut-peres\\\/#breadcrumb\"},\"inLanguage\":\"fr-FR\",\"potentialAction\":[{\"@type\":\"ReadAction\",\"target\":[\"https:\\\/\\\/www.malpelo.org\\\/fr\\\/qui-sommes-nous\\\/anso-raybaut-peres\\\/\"]}]},{\"@type\":\"BreadcrumbList\",\"@id\":\"https:\\\/\\\/www.malpelo.org\\\/fr\\\/qui-sommes-nous\\\/anso-raybaut-peres\\\/#breadcrumb\",\"itemListElement\":[{\"@type\":\"ListItem\",\"position\":1,\"name\":\"Inici\",\"item\":\"https:\\\/\\\/www.malpelo.org\\\/fr\\\/\"},{\"@type\":\"ListItem\",\"position\":2,\"name\":\"Qui sommes nous\",\"item\":\"https:\\\/\\\/www.malpelo.org\\\/fr\\\/qui-sommes-nous\\\/\"},{\"@type\":\"ListItem\",\"position\":3,\"name\":\"AnS\u00f3 Raybaut-P\u00e9r\u00e8s\"}]},{\"@type\":\"WebSite\",\"@id\":\"https:\\\/\\\/www.malpelo.org\\\/#website\",\"url\":\"https:\\\/\\\/www.malpelo.org\\\/\",\"name\":\"Mal Pelo\",\"description\":\"Mal Pelo\",\"potentialAction\":[{\"@type\":\"SearchAction\",\"target\":{\"@type\":\"EntryPoint\",\"urlTemplate\":\"https:\\\/\\\/www.malpelo.org\\\/?s={search_term_string}\"},\"query-input\":{\"@type\":\"PropertyValueSpecification\",\"valueRequired\":true,\"valueName\":\"search_term_string\"}}],\"inLanguage\":\"fr-FR\"}]}<\/script>\n<!-- \/ Yoast SEO plugin. -->","yoast_head_json":{"title":"AnS\u00f3 Raybaut-P\u00e9r\u00e8s - Mal Pelo","robots":{"index":"index","follow":"follow","max-snippet":"max-snippet:-1","max-image-preview":"max-image-preview:large","max-video-preview":"max-video-preview:-1"},"canonical":"https:\/\/www.malpelo.org\/fr\/qui-sommes-nous\/anso-raybaut-peres\/","og_locale":"fr_FR","og_type":"article","og_title":"AnS\u00f3 Raybaut-P\u00e9r\u00e8s - Mal Pelo","og_description":"De nationalit\u00e9 fran\u00e7aise, elle vit entre Barcelone et Paris depuis 2001. Elle collabore avec des artistes de la sc\u00e8ne ind\u00e9pendante et contemporaine dans le domaine du spectacle vivant. Experte dans le domaine des relations internationales : montage de tourn\u00e9es internationales, coordination de projets europ\u00e9ens, r\u00e9gie, production, relations professionnelles pour des festivals de courts m\u00e9trages et [&hellip;]","og_url":"https:\/\/www.malpelo.org\/fr\/qui-sommes-nous\/anso-raybaut-peres\/","og_site_name":"Mal Pelo","twitter_card":"summary_large_image","twitter_misc":{"Dur\u00e9e de lecture estim\u00e9e":"1 minute"},"schema":{"@context":"https:\/\/schema.org","@graph":[{"@type":"WebPage","@id":"https:\/\/www.malpelo.org\/fr\/qui-sommes-nous\/anso-raybaut-peres\/","url":"https:\/\/www.malpelo.org\/fr\/qui-sommes-nous\/anso-raybaut-peres\/","name":"AnS\u00f3 Raybaut-P\u00e9r\u00e8s - Mal Pelo","isPartOf":{"@id":"https:\/\/www.malpelo.org\/#website"},"datePublished":"2022-11-11T14:51:10+00:00","breadcrumb":{"@id":"https:\/\/www.malpelo.org\/fr\/qui-sommes-nous\/anso-raybaut-peres\/#breadcrumb"},"inLanguage":"fr-FR","potentialAction":[{"@type":"ReadAction","target":["https:\/\/www.malpelo.org\/fr\/qui-sommes-nous\/anso-raybaut-peres\/"]}]},{"@type":"BreadcrumbList","@id":"https:\/\/www.malpelo.org\/fr\/qui-sommes-nous\/anso-raybaut-peres\/#breadcrumb","itemListElement":[{"@type":"ListItem","position":1,"name":"Inici","item":"https:\/\/www.malpelo.org\/fr\/"},{"@type":"ListItem","position":2,"name":"Qui sommes nous","item":"https:\/\/www.malpelo.org\/fr\/qui-sommes-nous\/"},{"@type":"ListItem","position":3,"name":"AnS\u00f3 Raybaut-P\u00e9r\u00e8s"}]},{"@type":"WebSite","@id":"https:\/\/www.malpelo.org\/#website","url":"https:\/\/www.malpelo.org\/","name":"Mal Pelo","description":"Mal Pelo","potentialAction":[{"@type":"SearchAction","target":{"@type":"EntryPoint","urlTemplate":"https:\/\/www.malpelo.org\/?s={search_term_string}"},"query-input":{"@type":"PropertyValueSpecification","valueRequired":true,"valueName":"search_term_string"}}],"inLanguage":"fr-FR"}]}},"_links":{"self":[{"href":"https:\/\/www.malpelo.org\/fr\/wp-json\/wp\/v2\/pages\/3771","targetHints":{"allow":["GET"]}}],"collection":[{"href":"https:\/\/www.malpelo.org\/fr\/wp-json\/wp\/v2\/pages"}],"about":[{"href":"https:\/\/www.malpelo.org\/fr\/wp-json\/wp\/v2\/types\/page"}],"author":[{"embeddable":true,"href":"https:\/\/www.malpelo.org\/fr\/wp-json\/wp\/v2\/users\/1"}],"replies":[{"embeddable":true,"href":"https:\/\/www.malpelo.org\/fr\/wp-json\/wp\/v2\/comments?post=3771"}],"version-history":[{"count":2,"href":"https:\/\/www.malpelo.org\/fr\/wp-json\/wp\/v2\/pages\/3771\/revisions"}],"predecessor-version":[{"id":3773,"href":"https:\/\/www.malpelo.org\/fr\/wp-json\/wp\/v2\/pages\/3771\/revisions\/3773"}],"up":[{"embeddable":true,"href":"https:\/\/www.malpelo.org\/fr\/wp-json\/wp\/v2\/pages\/3054"}],"wp:attachment":[{"href":"https:\/\/www.malpelo.org\/fr\/wp-json\/wp\/v2\/media?parent=3771"}],"curies":[{"name":"wp","href":"https:\/\/api.w.org\/{rel}","templated":true}]}}