{"id":3634,"date":"2022-07-18T15:42:23","date_gmt":"2022-07-18T13:42:23","guid":{"rendered":"https:\/\/www.malpelo.org\/quienes-somos\/david-sagastume-copy\/"},"modified":"2022-07-18T15:57:05","modified_gmt":"2022-07-18T13:57:05","slug":"giorgio-celenza","status":"publish","type":"page","link":"https:\/\/www.malpelo.org\/es\/quienes-somos\/giorgio-celenza\/","title":{"rendered":"Giorgio Celenza"},"content":{"rendered":"<div class=\"wpb-content-wrapper\">[vc_section][vc_row][vc_column][vc_column_text]\r\n<h3>Trayectoria<\/h3>\r\n[\/vc_column_text][vc_column_text]<b>Giorgio Celenza, bajo<span class=\"Apple-converted-space\">\u00a0<\/span><\/b>\r\n\r\nNace en 1986 en Pescara, Italia, donde inicia sus estudios de Piano y de Canto con la soprano Antonella Muscente. Actualmente vivo en Valencia y perfecciona su t\u00e9cnica con el bar\u00edtono David Men\u00e9ndez. Debuta con el papel de Uberto en La Serva Padrona de G. B. Pergolesi, bajo la direcci\u00f3n de Jos\u00e9 Mar\u00eda Sciutto. Tiene en su repertorio \u00f3peras del repertorio Barroco, como por ejemplo La Serva Scaltra de A. Hasse, \u00f3peras mozartianas como La Finta Giardiniera, Cos\u00ec Fan Tutte, Don Giovanni y Die Zauberfl\u00f6te que ha cantado en el Teatro La Far\u00e1ndula de Sabadell bajo la direcci\u00f3n del maestro Daniel Mart\u00ednez Gil de Tejada. Tambi\u00e9n cultiva el repertorio sacro con t\u00edtulos como Te Deum de M. A. Charpentier, el Dettingen Te Deum y The Mesiah de G. F.<span class=\"Apple-converted-space\">\u00a0<\/span>\r\n\r\nH\u00e4ndel, la Cantata BWV 21 \u00abIch Hatte viel Bek\u00fcmmernis\u00bb y la Cantata BWV 82 \u00abIch habe Genug\u00bb de J. S. Bach, entre otros. Entre sus \u00faltimos proyectos destaca el debut en la \u00d3pera La donna serpente de A. Casilla bajo la direcci\u00f3n de Fabio Luisi, y el debut en el papel de Gelone de El Oronte al Innsbrucker Festwochen der Alten Musik, bajo la direcci\u00f3n de David Bates.<span class=\"Apple-converted-space\">\u00a0<\/span>\r\n\r\n[\/vc_column_text][\/vc_column][\/vc_row][\/vc_section][vc_row][vc_column][vc_images_carousel images=\u00bb1806,1810&#8243; img_size=\u00bb800&#215;600&#8243;][\/vc_column][\/vc_row]<!-- \/wp:post-content --><\/div>","protected":false},"excerpt":{"rendered":"<p>[vc_section][vc_row][vc_column][vc_column_text] Trayectoria [\/vc_column_text][vc_column_text]Giorgio Celenza, bajo\u00a0 Nace en 1986 en Pescara, Italia, donde inicia sus estudios de Piano y de Canto con la soprano Antonella Muscente. Actualmente vivo en Valencia y perfecciona su t\u00e9cnica con el bar\u00edtono David Men\u00e9ndez. Debuta con el papel de Uberto en La Serva Padrona de G. B. Pergolesi, bajo la direcci\u00f3n [&hellip;]<\/p>\n","protected":false},"author":1,"featured_media":0,"parent":2531,"menu_order":0,"comment_status":"closed","ping_status":"closed","template":"","meta":{"_acf_changed":false,"footnotes":""},"class_list":["post-3634","page","type-page","status-publish","hentry"],"acf":[],"yoast_head":"<!-- This site is optimized with the Yoast SEO plugin v27.5 - https:\/\/yoast.com\/product\/yoast-seo-wordpress\/ -->\n<title>Giorgio Celenza - Mal Pelo<\/title>\n<meta name=\"robots\" content=\"index, follow, max-snippet:-1, max-image-preview:large, max-video-preview:-1\" \/>\n<link rel=\"canonical\" href=\"https:\/\/www.malpelo.org\/es\/quienes-somos\/giorgio-celenza\/\" \/>\n<meta property=\"og:locale\" content=\"es_ES\" \/>\n<meta property=\"og:type\" content=\"article\" \/>\n<meta property=\"og:title\" content=\"Giorgio Celenza - Mal Pelo\" \/>\n<meta property=\"og:description\" content=\"[vc_section][vc_row][vc_column][vc_column_text] Trayectoria [\/vc_column_text][vc_column_text]Giorgio Celenza, bajo\u00a0 Nace en 1986 en Pescara, Italia, donde inicia sus estudios de Piano y de Canto con la soprano Antonella Muscente. Actualmente vivo en Valencia y perfecciona su t\u00e9cnica con el bar\u00edtono David Men\u00e9ndez. Debuta con el papel de Uberto en La Serva Padrona de G. B. Pergolesi, bajo la direcci\u00f3n [&hellip;]\" \/>\n<meta property=\"og:url\" content=\"https:\/\/www.malpelo.org\/es\/quienes-somos\/giorgio-celenza\/\" \/>\n<meta property=\"og:site_name\" content=\"Mal Pelo\" \/>\n<meta property=\"article:modified_time\" content=\"2022-07-18T13:57:05+00:00\" \/>\n<meta name=\"twitter:card\" content=\"summary_large_image\" \/>\n<meta name=\"twitter:label1\" content=\"Tiempo de lectura\" \/>\n\t<meta name=\"twitter:data1\" content=\"2 minutos\" \/>\n<script type=\"application\/ld+json\" class=\"yoast-schema-graph\">{\"@context\":\"https:\\\/\\\/schema.org\",\"@graph\":[{\"@type\":\"WebPage\",\"@id\":\"https:\\\/\\\/www.malpelo.org\\\/es\\\/quienes-somos\\\/giorgio-celenza\\\/\",\"url\":\"https:\\\/\\\/www.malpelo.org\\\/es\\\/quienes-somos\\\/giorgio-celenza\\\/\",\"name\":\"Giorgio Celenza - Mal Pelo\",\"isPartOf\":{\"@id\":\"https:\\\/\\\/www.malpelo.org\\\/#website\"},\"datePublished\":\"2022-07-18T13:42:23+00:00\",\"dateModified\":\"2022-07-18T13:57:05+00:00\",\"breadcrumb\":{\"@id\":\"https:\\\/\\\/www.malpelo.org\\\/es\\\/quienes-somos\\\/giorgio-celenza\\\/#breadcrumb\"},\"inLanguage\":\"es\",\"potentialAction\":[{\"@type\":\"ReadAction\",\"target\":[\"https:\\\/\\\/www.malpelo.org\\\/es\\\/quienes-somos\\\/giorgio-celenza\\\/\"]}]},{\"@type\":\"BreadcrumbList\",\"@id\":\"https:\\\/\\\/www.malpelo.org\\\/es\\\/quienes-somos\\\/giorgio-celenza\\\/#breadcrumb\",\"itemListElement\":[{\"@type\":\"ListItem\",\"position\":1,\"name\":\"Inici\",\"item\":\"https:\\\/\\\/www.malpelo.org\\\/es\\\/\"},{\"@type\":\"ListItem\",\"position\":2,\"name\":\"Qui\u00e9nes somos\",\"item\":\"https:\\\/\\\/www.malpelo.org\\\/es\\\/quienes-somos\\\/\"},{\"@type\":\"ListItem\",\"position\":3,\"name\":\"Giorgio Celenza\"}]},{\"@type\":\"WebSite\",\"@id\":\"https:\\\/\\\/www.malpelo.org\\\/#website\",\"url\":\"https:\\\/\\\/www.malpelo.org\\\/\",\"name\":\"Mal Pelo\",\"description\":\"Mal Pelo\",\"potentialAction\":[{\"@type\":\"SearchAction\",\"target\":{\"@type\":\"EntryPoint\",\"urlTemplate\":\"https:\\\/\\\/www.malpelo.org\\\/?s={search_term_string}\"},\"query-input\":{\"@type\":\"PropertyValueSpecification\",\"valueRequired\":true,\"valueName\":\"search_term_string\"}}],\"inLanguage\":\"es\"}]}<\/script>\n<!-- \/ Yoast SEO plugin. -->","yoast_head_json":{"title":"Giorgio Celenza - Mal Pelo","robots":{"index":"index","follow":"follow","max-snippet":"max-snippet:-1","max-image-preview":"max-image-preview:large","max-video-preview":"max-video-preview:-1"},"canonical":"https:\/\/www.malpelo.org\/es\/quienes-somos\/giorgio-celenza\/","og_locale":"es_ES","og_type":"article","og_title":"Giorgio Celenza - Mal Pelo","og_description":"[vc_section][vc_row][vc_column][vc_column_text] Trayectoria [\/vc_column_text][vc_column_text]Giorgio Celenza, bajo\u00a0 Nace en 1986 en Pescara, Italia, donde inicia sus estudios de Piano y de Canto con la soprano Antonella Muscente. Actualmente vivo en Valencia y perfecciona su t\u00e9cnica con el bar\u00edtono David Men\u00e9ndez. Debuta con el papel de Uberto en La Serva Padrona de G. B. Pergolesi, bajo la direcci\u00f3n [&hellip;]","og_url":"https:\/\/www.malpelo.org\/es\/quienes-somos\/giorgio-celenza\/","og_site_name":"Mal Pelo","article_modified_time":"2022-07-18T13:57:05+00:00","twitter_card":"summary_large_image","twitter_misc":{"Tiempo de lectura":"2 minutos"},"schema":{"@context":"https:\/\/schema.org","@graph":[{"@type":"WebPage","@id":"https:\/\/www.malpelo.org\/es\/quienes-somos\/giorgio-celenza\/","url":"https:\/\/www.malpelo.org\/es\/quienes-somos\/giorgio-celenza\/","name":"Giorgio Celenza - Mal Pelo","isPartOf":{"@id":"https:\/\/www.malpelo.org\/#website"},"datePublished":"2022-07-18T13:42:23+00:00","dateModified":"2022-07-18T13:57:05+00:00","breadcrumb":{"@id":"https:\/\/www.malpelo.org\/es\/quienes-somos\/giorgio-celenza\/#breadcrumb"},"inLanguage":"es","potentialAction":[{"@type":"ReadAction","target":["https:\/\/www.malpelo.org\/es\/quienes-somos\/giorgio-celenza\/"]}]},{"@type":"BreadcrumbList","@id":"https:\/\/www.malpelo.org\/es\/quienes-somos\/giorgio-celenza\/#breadcrumb","itemListElement":[{"@type":"ListItem","position":1,"name":"Inici","item":"https:\/\/www.malpelo.org\/es\/"},{"@type":"ListItem","position":2,"name":"Qui\u00e9nes somos","item":"https:\/\/www.malpelo.org\/es\/quienes-somos\/"},{"@type":"ListItem","position":3,"name":"Giorgio Celenza"}]},{"@type":"WebSite","@id":"https:\/\/www.malpelo.org\/#website","url":"https:\/\/www.malpelo.org\/","name":"Mal Pelo","description":"Mal Pelo","potentialAction":[{"@type":"SearchAction","target":{"@type":"EntryPoint","urlTemplate":"https:\/\/www.malpelo.org\/?s={search_term_string}"},"query-input":{"@type":"PropertyValueSpecification","valueRequired":true,"valueName":"search_term_string"}}],"inLanguage":"es"}]}},"_links":{"self":[{"href":"https:\/\/www.malpelo.org\/es\/wp-json\/wp\/v2\/pages\/3634","targetHints":{"allow":["GET"]}}],"collection":[{"href":"https:\/\/www.malpelo.org\/es\/wp-json\/wp\/v2\/pages"}],"about":[{"href":"https:\/\/www.malpelo.org\/es\/wp-json\/wp\/v2\/types\/page"}],"author":[{"embeddable":true,"href":"https:\/\/www.malpelo.org\/es\/wp-json\/wp\/v2\/users\/1"}],"replies":[{"embeddable":true,"href":"https:\/\/www.malpelo.org\/es\/wp-json\/wp\/v2\/comments?post=3634"}],"version-history":[{"count":2,"href":"https:\/\/www.malpelo.org\/es\/wp-json\/wp\/v2\/pages\/3634\/revisions"}],"predecessor-version":[{"id":3636,"href":"https:\/\/www.malpelo.org\/es\/wp-json\/wp\/v2\/pages\/3634\/revisions\/3636"}],"up":[{"embeddable":true,"href":"https:\/\/www.malpelo.org\/es\/wp-json\/wp\/v2\/pages\/2531"}],"wp:attachment":[{"href":"https:\/\/www.malpelo.org\/es\/wp-json\/wp\/v2\/media?parent=3634"}],"curies":[{"name":"wp","href":"https:\/\/api.w.org\/{rel}","templated":true}]}}