{"id":3581,"date":"2022-07-18T11:28:28","date_gmt":"2022-07-18T09:28:28","guid":{"rendered":"https:\/\/www.malpelo.org\/quienes-somos\/miquel-fiol-copy\/"},"modified":"2022-07-18T12:16:36","modified_gmt":"2022-07-18T10:16:36","slug":"ona-fuste","status":"publish","type":"page","link":"https:\/\/www.malpelo.org\/es\/quienes-somos\/ona-fuste\/","title":{"rendered":"Ona Fust\u00e9"},"content":{"rendered":"<div class=\"wpb-content-wrapper\">[vc_section][vc_row][vc_column][vc_column_text]\r\n<h3>Trayectoria<\/h3>\r\n[\/vc_column_text][vc_column_text]<b>Ona Fust\u00e9, int\u00e9rprete\u00a0<\/b>\r\n\r\nLicenciada en SEAD (Salzburg Experimental Academy of Dance \u2013 2009) en danza contempor\u00e1nea y composici\u00f3n y formada en diversas disciplinas del \u00e1mbito de las terapias corporales entre el 2006 y el 2021. A nivel coreogr\u00e1fico ha participado en una quincena de espect\u00e1culos entre el 2006 y el 2021 (la mayor\u00eda de ellos en el contexto de Vic y la provincia de Barcelona), siendo Rictus i ICE son trabajos m\u00e1s recientes. Como int\u00e9rprete ha trabajado en producciones de artistas y compa\u00f1\u00edas de renombre como Mal Pelo, Joao Fiadeiro, Colectivo Fora Muralla, Cia. Vero Cendoya, Ali moini, Luca Silvestrini, HelloErth, Marco Lulic, Brice de Sau, l\u2019Schmiede (en la instalaci\u00f3n Installation Social Victims, ganadora del \u201c Podium08 por el Ministerio de Cultura de Salzburg), Todd Williams, Oleg Sulimenko, Anna Novicka, Kurt Koegel, Opiyo Okach y La Calba Teatre.<span class=\"Apple-converted-space\">\u00a0<\/span>\r\n\r\n&nbsp;\r\n\r\n[\/vc_column_text][\/vc_column][\/vc_row][\/vc_section][vc_row][vc_column][vc_images_carousel images=\u00bb3146,3583,3587&#8243; img_size=\u00bb800&#215;600&#8243;][\/vc_column][\/vc_row]<!-- \/wp:post-content --><\/div>","protected":false},"excerpt":{"rendered":"<p>[vc_section][vc_row][vc_column][vc_column_text] Trayectoria [\/vc_column_text][vc_column_text]Ona Fust\u00e9, int\u00e9rprete\u00a0 Licenciada en SEAD (Salzburg Experimental Academy of Dance \u2013 2009) en danza contempor\u00e1nea y composici\u00f3n y formada en diversas disciplinas del \u00e1mbito de las terapias corporales entre el 2006 y el 2021. A nivel coreogr\u00e1fico ha participado en una quincena de espect\u00e1culos entre el 2006 y el 2021 (la mayor\u00eda [&hellip;]<\/p>\n","protected":false},"author":1,"featured_media":0,"parent":2531,"menu_order":0,"comment_status":"closed","ping_status":"closed","template":"","meta":{"_acf_changed":false,"footnotes":""},"class_list":["post-3581","page","type-page","status-publish","hentry"],"acf":[],"yoast_head":"<!-- This site is optimized with the Yoast SEO plugin v27.5 - https:\/\/yoast.com\/product\/yoast-seo-wordpress\/ -->\n<title>Ona Fust\u00e9 - Mal Pelo<\/title>\n<meta name=\"robots\" content=\"index, follow, max-snippet:-1, max-image-preview:large, max-video-preview:-1\" \/>\n<link rel=\"canonical\" href=\"https:\/\/www.malpelo.org\/es\/quienes-somos\/ona-fuste\/\" \/>\n<meta property=\"og:locale\" content=\"es_ES\" \/>\n<meta property=\"og:type\" content=\"article\" \/>\n<meta property=\"og:title\" content=\"Ona Fust\u00e9 - Mal Pelo\" \/>\n<meta property=\"og:description\" content=\"[vc_section][vc_row][vc_column][vc_column_text] Trayectoria [\/vc_column_text][vc_column_text]Ona Fust\u00e9, int\u00e9rprete\u00a0 Licenciada en SEAD (Salzburg Experimental Academy of Dance \u2013 2009) en danza contempor\u00e1nea y composici\u00f3n y formada en diversas disciplinas del \u00e1mbito de las terapias corporales entre el 2006 y el 2021. A nivel coreogr\u00e1fico ha participado en una quincena de espect\u00e1culos entre el 2006 y el 2021 (la mayor\u00eda [&hellip;]\" \/>\n<meta property=\"og:url\" content=\"https:\/\/www.malpelo.org\/es\/quienes-somos\/ona-fuste\/\" \/>\n<meta property=\"og:site_name\" content=\"Mal Pelo\" \/>\n<meta property=\"article:modified_time\" content=\"2022-07-18T10:16:36+00:00\" \/>\n<meta name=\"twitter:card\" content=\"summary_large_image\" \/>\n<meta name=\"twitter:label1\" content=\"Tiempo de lectura\" \/>\n\t<meta name=\"twitter:data1\" content=\"1 minuto\" \/>\n<script type=\"application\/ld+json\" class=\"yoast-schema-graph\">{\"@context\":\"https:\\\/\\\/schema.org\",\"@graph\":[{\"@type\":\"WebPage\",\"@id\":\"https:\\\/\\\/www.malpelo.org\\\/es\\\/quienes-somos\\\/ona-fuste\\\/\",\"url\":\"https:\\\/\\\/www.malpelo.org\\\/es\\\/quienes-somos\\\/ona-fuste\\\/\",\"name\":\"Ona Fust\u00e9 - Mal Pelo\",\"isPartOf\":{\"@id\":\"https:\\\/\\\/www.malpelo.org\\\/#website\"},\"datePublished\":\"2022-07-18T09:28:28+00:00\",\"dateModified\":\"2022-07-18T10:16:36+00:00\",\"breadcrumb\":{\"@id\":\"https:\\\/\\\/www.malpelo.org\\\/es\\\/quienes-somos\\\/ona-fuste\\\/#breadcrumb\"},\"inLanguage\":\"es\",\"potentialAction\":[{\"@type\":\"ReadAction\",\"target\":[\"https:\\\/\\\/www.malpelo.org\\\/es\\\/quienes-somos\\\/ona-fuste\\\/\"]}]},{\"@type\":\"BreadcrumbList\",\"@id\":\"https:\\\/\\\/www.malpelo.org\\\/es\\\/quienes-somos\\\/ona-fuste\\\/#breadcrumb\",\"itemListElement\":[{\"@type\":\"ListItem\",\"position\":1,\"name\":\"Inici\",\"item\":\"https:\\\/\\\/www.malpelo.org\\\/es\\\/\"},{\"@type\":\"ListItem\",\"position\":2,\"name\":\"Qui\u00e9nes somos\",\"item\":\"https:\\\/\\\/www.malpelo.org\\\/es\\\/quienes-somos\\\/\"},{\"@type\":\"ListItem\",\"position\":3,\"name\":\"Ona Fust\u00e9\"}]},{\"@type\":\"WebSite\",\"@id\":\"https:\\\/\\\/www.malpelo.org\\\/#website\",\"url\":\"https:\\\/\\\/www.malpelo.org\\\/\",\"name\":\"Mal Pelo\",\"description\":\"Mal Pelo\",\"potentialAction\":[{\"@type\":\"SearchAction\",\"target\":{\"@type\":\"EntryPoint\",\"urlTemplate\":\"https:\\\/\\\/www.malpelo.org\\\/?s={search_term_string}\"},\"query-input\":{\"@type\":\"PropertyValueSpecification\",\"valueRequired\":true,\"valueName\":\"search_term_string\"}}],\"inLanguage\":\"es\"}]}<\/script>\n<!-- \/ Yoast SEO plugin. -->","yoast_head_json":{"title":"Ona Fust\u00e9 - Mal Pelo","robots":{"index":"index","follow":"follow","max-snippet":"max-snippet:-1","max-image-preview":"max-image-preview:large","max-video-preview":"max-video-preview:-1"},"canonical":"https:\/\/www.malpelo.org\/es\/quienes-somos\/ona-fuste\/","og_locale":"es_ES","og_type":"article","og_title":"Ona Fust\u00e9 - Mal Pelo","og_description":"[vc_section][vc_row][vc_column][vc_column_text] Trayectoria [\/vc_column_text][vc_column_text]Ona Fust\u00e9, int\u00e9rprete\u00a0 Licenciada en SEAD (Salzburg Experimental Academy of Dance \u2013 2009) en danza contempor\u00e1nea y composici\u00f3n y formada en diversas disciplinas del \u00e1mbito de las terapias corporales entre el 2006 y el 2021. A nivel coreogr\u00e1fico ha participado en una quincena de espect\u00e1culos entre el 2006 y el 2021 (la mayor\u00eda [&hellip;]","og_url":"https:\/\/www.malpelo.org\/es\/quienes-somos\/ona-fuste\/","og_site_name":"Mal Pelo","article_modified_time":"2022-07-18T10:16:36+00:00","twitter_card":"summary_large_image","twitter_misc":{"Tiempo de lectura":"1 minuto"},"schema":{"@context":"https:\/\/schema.org","@graph":[{"@type":"WebPage","@id":"https:\/\/www.malpelo.org\/es\/quienes-somos\/ona-fuste\/","url":"https:\/\/www.malpelo.org\/es\/quienes-somos\/ona-fuste\/","name":"Ona Fust\u00e9 - Mal Pelo","isPartOf":{"@id":"https:\/\/www.malpelo.org\/#website"},"datePublished":"2022-07-18T09:28:28+00:00","dateModified":"2022-07-18T10:16:36+00:00","breadcrumb":{"@id":"https:\/\/www.malpelo.org\/es\/quienes-somos\/ona-fuste\/#breadcrumb"},"inLanguage":"es","potentialAction":[{"@type":"ReadAction","target":["https:\/\/www.malpelo.org\/es\/quienes-somos\/ona-fuste\/"]}]},{"@type":"BreadcrumbList","@id":"https:\/\/www.malpelo.org\/es\/quienes-somos\/ona-fuste\/#breadcrumb","itemListElement":[{"@type":"ListItem","position":1,"name":"Inici","item":"https:\/\/www.malpelo.org\/es\/"},{"@type":"ListItem","position":2,"name":"Qui\u00e9nes somos","item":"https:\/\/www.malpelo.org\/es\/quienes-somos\/"},{"@type":"ListItem","position":3,"name":"Ona Fust\u00e9"}]},{"@type":"WebSite","@id":"https:\/\/www.malpelo.org\/#website","url":"https:\/\/www.malpelo.org\/","name":"Mal Pelo","description":"Mal Pelo","potentialAction":[{"@type":"SearchAction","target":{"@type":"EntryPoint","urlTemplate":"https:\/\/www.malpelo.org\/?s={search_term_string}"},"query-input":{"@type":"PropertyValueSpecification","valueRequired":true,"valueName":"search_term_string"}}],"inLanguage":"es"}]}},"_links":{"self":[{"href":"https:\/\/www.malpelo.org\/es\/wp-json\/wp\/v2\/pages\/3581","targetHints":{"allow":["GET"]}}],"collection":[{"href":"https:\/\/www.malpelo.org\/es\/wp-json\/wp\/v2\/pages"}],"about":[{"href":"https:\/\/www.malpelo.org\/es\/wp-json\/wp\/v2\/types\/page"}],"author":[{"embeddable":true,"href":"https:\/\/www.malpelo.org\/es\/wp-json\/wp\/v2\/users\/1"}],"replies":[{"embeddable":true,"href":"https:\/\/www.malpelo.org\/es\/wp-json\/wp\/v2\/comments?post=3581"}],"version-history":[{"count":3,"href":"https:\/\/www.malpelo.org\/es\/wp-json\/wp\/v2\/pages\/3581\/revisions"}],"predecessor-version":[{"id":3592,"href":"https:\/\/www.malpelo.org\/es\/wp-json\/wp\/v2\/pages\/3581\/revisions\/3592"}],"up":[{"embeddable":true,"href":"https:\/\/www.malpelo.org\/es\/wp-json\/wp\/v2\/pages\/2531"}],"wp:attachment":[{"href":"https:\/\/www.malpelo.org\/es\/wp-json\/wp\/v2\/media?parent=3581"}],"curies":[{"name":"wp","href":"https:\/\/api.w.org\/{rel}","templated":true}]}}