{"id":3568,"date":"2022-07-18T11:18:20","date_gmt":"2022-07-18T09:18:20","guid":{"rendered":"https:\/\/www.malpelo.org\/quienes-somos\/enric-fabregas-copy\/"},"modified":"2022-07-18T11:28:13","modified_gmt":"2022-07-18T09:28:13","slug":"miquel-fiol","status":"publish","type":"page","link":"https:\/\/www.malpelo.org\/es\/quienes-somos\/miquel-fiol\/","title":{"rendered":"Miquel Fiol"},"content":{"rendered":"<div class=\"wpb-content-wrapper\">[vc_section][vc_row][vc_column][vc_column_text]\r\n<h3>Trayectoria<\/h3>\r\n[\/vc_column_text][vc_column_text]<b>Miquel Fiol, int\u00e9rprete\u00a0<\/b>\r\n\r\nFormado en la escuela COMPANY &amp; COMPANY en Barcelona e Impulstanz 2005 de Viena. Premio de la cr\u00edtica 2016 al mejor bailar\u00edn por Back \u00c0bac de Barcelona. Ha trabajado como int\u00e9rprete en diversas piezas y producciones dirigidas para artistas y compa\u00f1\u00edas de renombre, nacionales e internacionales como el DV8 PHYSICAL THEATER, Albert Quesada, Sol Pic\u00f3, La Fura dels Baus, Oriol Escursell, Aimar Perez Gal\u00ed, Pere Faura, \u00c0ngels Margarit \/ Cia. Mudances, Miguel Barcelona, Laura Alcal\u00e1, Ver\u00f3nica Cendoya, Pia Meuthen, Johanna Richter, Hofesh Shechter, David Middendorp, Brand Attema y Astrid Haring, Arno Schuitemaker, Lonneke Van Leth, David Pountney y Beate Vollack, Abel Cunillera, Mudit Grau, Teresa Nieto y Roser Montll\u00f3, Marta Almirall. Es director de la su propia compa\u00f1\u00eda Los Mo\u00f1ecos, con la que ha producido los espect\u00e1culos \u201cLA VIRGEN DEL MO\u00d1EKO\u201d (2009-2014), \u201cSUSURRANDO A LOS CABALLOS\u201d, estrenada en Festival TNT (2015), \u201cYI-HA\u201d, Barcelona (2014) y \u201cAMORTAL COMBAT\u201d, pieza de calle (2015-2016).<span class=\"Apple-converted-space\">\u00a0<\/span>\r\n\r\n.<span class=\"Apple-converted-space\">\u00a0<\/span>\r\n\r\n&nbsp;\r\n\r\n[\/vc_column_text][\/vc_column][\/vc_row][\/vc_section][vc_row][vc_column][vc_images_carousel images=\u00bb2498,3574,3570&#8243; img_size=\u00bb800&#215;600&#8243;][\/vc_column][\/vc_row]<!-- \/wp:post-content --><\/div>","protected":false},"excerpt":{"rendered":"<p>[vc_section][vc_row][vc_column][vc_column_text] Trayectoria [\/vc_column_text][vc_column_text]Miquel Fiol, int\u00e9rprete\u00a0 Formado en la escuela COMPANY &amp; COMPANY en Barcelona e Impulstanz 2005 de Viena. Premio de la cr\u00edtica 2016 al mejor bailar\u00edn por Back \u00c0bac de Barcelona. Ha trabajado como int\u00e9rprete en diversas piezas y producciones dirigidas para artistas y compa\u00f1\u00edas de renombre, nacionales e internacionales como el DV8 PHYSICAL [&hellip;]<\/p>\n","protected":false},"author":1,"featured_media":0,"parent":2531,"menu_order":0,"comment_status":"closed","ping_status":"closed","template":"","meta":{"_acf_changed":false,"footnotes":""},"class_list":["post-3568","page","type-page","status-publish","hentry"],"acf":[],"yoast_head":"<!-- This site is optimized with the Yoast SEO plugin v27.5 - https:\/\/yoast.com\/product\/yoast-seo-wordpress\/ -->\n<title>Miquel Fiol - Mal Pelo<\/title>\n<meta name=\"robots\" content=\"index, follow, max-snippet:-1, max-image-preview:large, max-video-preview:-1\" \/>\n<link rel=\"canonical\" href=\"https:\/\/www.malpelo.org\/es\/quienes-somos\/miquel-fiol\/\" \/>\n<meta property=\"og:locale\" content=\"es_ES\" \/>\n<meta property=\"og:type\" content=\"article\" \/>\n<meta property=\"og:title\" content=\"Miquel Fiol - Mal Pelo\" \/>\n<meta property=\"og:description\" content=\"[vc_section][vc_row][vc_column][vc_column_text] Trayectoria [\/vc_column_text][vc_column_text]Miquel Fiol, int\u00e9rprete\u00a0 Formado en la escuela COMPANY &amp; COMPANY en Barcelona e Impulstanz 2005 de Viena. Premio de la cr\u00edtica 2016 al mejor bailar\u00edn por Back \u00c0bac de Barcelona. Ha trabajado como int\u00e9rprete en diversas piezas y producciones dirigidas para artistas y compa\u00f1\u00edas de renombre, nacionales e internacionales como el DV8 PHYSICAL [&hellip;]\" \/>\n<meta property=\"og:url\" content=\"https:\/\/www.malpelo.org\/es\/quienes-somos\/miquel-fiol\/\" \/>\n<meta property=\"og:site_name\" content=\"Mal Pelo\" \/>\n<meta property=\"article:modified_time\" content=\"2022-07-18T09:28:13+00:00\" \/>\n<meta name=\"twitter:card\" content=\"summary_large_image\" \/>\n<meta name=\"twitter:label1\" content=\"Tiempo de lectura\" \/>\n\t<meta name=\"twitter:data1\" content=\"1 minuto\" \/>\n<script type=\"application\/ld+json\" class=\"yoast-schema-graph\">{\"@context\":\"https:\\\/\\\/schema.org\",\"@graph\":[{\"@type\":\"WebPage\",\"@id\":\"https:\\\/\\\/www.malpelo.org\\\/es\\\/quienes-somos\\\/miquel-fiol\\\/\",\"url\":\"https:\\\/\\\/www.malpelo.org\\\/es\\\/quienes-somos\\\/miquel-fiol\\\/\",\"name\":\"Miquel Fiol - Mal Pelo\",\"isPartOf\":{\"@id\":\"https:\\\/\\\/www.malpelo.org\\\/#website\"},\"datePublished\":\"2022-07-18T09:18:20+00:00\",\"dateModified\":\"2022-07-18T09:28:13+00:00\",\"breadcrumb\":{\"@id\":\"https:\\\/\\\/www.malpelo.org\\\/es\\\/quienes-somos\\\/miquel-fiol\\\/#breadcrumb\"},\"inLanguage\":\"es\",\"potentialAction\":[{\"@type\":\"ReadAction\",\"target\":[\"https:\\\/\\\/www.malpelo.org\\\/es\\\/quienes-somos\\\/miquel-fiol\\\/\"]}]},{\"@type\":\"BreadcrumbList\",\"@id\":\"https:\\\/\\\/www.malpelo.org\\\/es\\\/quienes-somos\\\/miquel-fiol\\\/#breadcrumb\",\"itemListElement\":[{\"@type\":\"ListItem\",\"position\":1,\"name\":\"Inici\",\"item\":\"https:\\\/\\\/www.malpelo.org\\\/es\\\/\"},{\"@type\":\"ListItem\",\"position\":2,\"name\":\"Qui\u00e9nes somos\",\"item\":\"https:\\\/\\\/www.malpelo.org\\\/es\\\/quienes-somos\\\/\"},{\"@type\":\"ListItem\",\"position\":3,\"name\":\"Miquel Fiol\"}]},{\"@type\":\"WebSite\",\"@id\":\"https:\\\/\\\/www.malpelo.org\\\/#website\",\"url\":\"https:\\\/\\\/www.malpelo.org\\\/\",\"name\":\"Mal Pelo\",\"description\":\"Mal Pelo\",\"potentialAction\":[{\"@type\":\"SearchAction\",\"target\":{\"@type\":\"EntryPoint\",\"urlTemplate\":\"https:\\\/\\\/www.malpelo.org\\\/?s={search_term_string}\"},\"query-input\":{\"@type\":\"PropertyValueSpecification\",\"valueRequired\":true,\"valueName\":\"search_term_string\"}}],\"inLanguage\":\"es\"}]}<\/script>\n<!-- \/ Yoast SEO plugin. -->","yoast_head_json":{"title":"Miquel Fiol - Mal Pelo","robots":{"index":"index","follow":"follow","max-snippet":"max-snippet:-1","max-image-preview":"max-image-preview:large","max-video-preview":"max-video-preview:-1"},"canonical":"https:\/\/www.malpelo.org\/es\/quienes-somos\/miquel-fiol\/","og_locale":"es_ES","og_type":"article","og_title":"Miquel Fiol - Mal Pelo","og_description":"[vc_section][vc_row][vc_column][vc_column_text] Trayectoria [\/vc_column_text][vc_column_text]Miquel Fiol, int\u00e9rprete\u00a0 Formado en la escuela COMPANY &amp; COMPANY en Barcelona e Impulstanz 2005 de Viena. Premio de la cr\u00edtica 2016 al mejor bailar\u00edn por Back \u00c0bac de Barcelona. Ha trabajado como int\u00e9rprete en diversas piezas y producciones dirigidas para artistas y compa\u00f1\u00edas de renombre, nacionales e internacionales como el DV8 PHYSICAL [&hellip;]","og_url":"https:\/\/www.malpelo.org\/es\/quienes-somos\/miquel-fiol\/","og_site_name":"Mal Pelo","article_modified_time":"2022-07-18T09:28:13+00:00","twitter_card":"summary_large_image","twitter_misc":{"Tiempo de lectura":"1 minuto"},"schema":{"@context":"https:\/\/schema.org","@graph":[{"@type":"WebPage","@id":"https:\/\/www.malpelo.org\/es\/quienes-somos\/miquel-fiol\/","url":"https:\/\/www.malpelo.org\/es\/quienes-somos\/miquel-fiol\/","name":"Miquel Fiol - Mal Pelo","isPartOf":{"@id":"https:\/\/www.malpelo.org\/#website"},"datePublished":"2022-07-18T09:18:20+00:00","dateModified":"2022-07-18T09:28:13+00:00","breadcrumb":{"@id":"https:\/\/www.malpelo.org\/es\/quienes-somos\/miquel-fiol\/#breadcrumb"},"inLanguage":"es","potentialAction":[{"@type":"ReadAction","target":["https:\/\/www.malpelo.org\/es\/quienes-somos\/miquel-fiol\/"]}]},{"@type":"BreadcrumbList","@id":"https:\/\/www.malpelo.org\/es\/quienes-somos\/miquel-fiol\/#breadcrumb","itemListElement":[{"@type":"ListItem","position":1,"name":"Inici","item":"https:\/\/www.malpelo.org\/es\/"},{"@type":"ListItem","position":2,"name":"Qui\u00e9nes somos","item":"https:\/\/www.malpelo.org\/es\/quienes-somos\/"},{"@type":"ListItem","position":3,"name":"Miquel Fiol"}]},{"@type":"WebSite","@id":"https:\/\/www.malpelo.org\/#website","url":"https:\/\/www.malpelo.org\/","name":"Mal Pelo","description":"Mal Pelo","potentialAction":[{"@type":"SearchAction","target":{"@type":"EntryPoint","urlTemplate":"https:\/\/www.malpelo.org\/?s={search_term_string}"},"query-input":{"@type":"PropertyValueSpecification","valueRequired":true,"valueName":"search_term_string"}}],"inLanguage":"es"}]}},"_links":{"self":[{"href":"https:\/\/www.malpelo.org\/es\/wp-json\/wp\/v2\/pages\/3568","targetHints":{"allow":["GET"]}}],"collection":[{"href":"https:\/\/www.malpelo.org\/es\/wp-json\/wp\/v2\/pages"}],"about":[{"href":"https:\/\/www.malpelo.org\/es\/wp-json\/wp\/v2\/types\/page"}],"author":[{"embeddable":true,"href":"https:\/\/www.malpelo.org\/es\/wp-json\/wp\/v2\/users\/1"}],"replies":[{"embeddable":true,"href":"https:\/\/www.malpelo.org\/es\/wp-json\/wp\/v2\/comments?post=3568"}],"version-history":[{"count":3,"href":"https:\/\/www.malpelo.org\/es\/wp-json\/wp\/v2\/pages\/3568\/revisions"}],"predecessor-version":[{"id":3580,"href":"https:\/\/www.malpelo.org\/es\/wp-json\/wp\/v2\/pages\/3568\/revisions\/3580"}],"up":[{"embeddable":true,"href":"https:\/\/www.malpelo.org\/es\/wp-json\/wp\/v2\/pages\/2531"}],"wp:attachment":[{"href":"https:\/\/www.malpelo.org\/es\/wp-json\/wp\/v2\/media?parent=3568"}],"curies":[{"name":"wp","href":"https:\/\/api.w.org\/{rel}","templated":true}]}}