{"id":3561,"date":"2022-07-12T20:08:36","date_gmt":"2022-07-12T18:08:36","guid":{"rendered":"https:\/\/www.malpelo.org\/quienes-somos\/leo-castro-copy\/"},"modified":"2022-07-12T20:13:24","modified_gmt":"2022-07-12T18:13:24","slug":"enric-fabregas","status":"publish","type":"page","link":"https:\/\/www.malpelo.org\/es\/quienes-somos\/enric-fabregas\/","title":{"rendered":"Enric F\u00e0bregas"},"content":{"rendered":"<div class=\"wpb-content-wrapper\">[vc_section][vc_row][vc_column][vc_column_text]\r\n<h3>Trayectoria<\/h3>\r\n[\/vc_column_text][vc_column_text]<b>Enric F\u00e0bregas, int\u00e9rprete\u00a0<\/b>\r\n\r\nEntre los a\u00f1os 1994-1996 realiza estudios de danza contempor\u00e1nea en la escuela La Nau 18. Entre los a\u00f1os 1993 y 1994, forma parte del grupo de teatro Tripijoc, participando en la creaci\u00f3n del espect\u00e1culo ASKARIASI. En marzo de 1996 baila con la compa\u00f1\u00eda LA SOTA DE BASTOS, en el espect\u00e1culo El m\u00f3n, la carn (l\u2019\u00faltim cop), bajo direcci\u00f3n de Jordi Cardoner. En abril de 1996, baila en el espect\u00e1culo El mercat d\u2019Isthar, creaci\u00f3n conjunta con Nat\u00e0lia Espinet y Sandra Carr\u00e9. A partir de junio de 1996 inicia su colaboraci\u00f3n con MAL PELO participando des de ese momento en la creaci\u00f3n de los espect\u00e1culos La calle del Imaginero, Orache, Canci\u00f3n de Bernab\u00e9, El Alma del Bicho, An el silencio y Testimoni de llops. Actualmente como bi\u00f3logo coordina y desarrolla proyectos de medio ambiente a trav\u00e9s de la asociaci\u00f3n GALANTHUS.<span class=\"Apple-converted-space\">\u00a0<\/span>\r\n\r\n&nbsp;\r\n\r\n[\/vc_column_text][\/vc_column][\/vc_row][\/vc_section][vc_row][vc_column][vc_images_carousel images=\u00bb722,1185&#8243;][\/vc_column][\/vc_row]<!-- \/wp:post-content --><\/div>","protected":false},"excerpt":{"rendered":"<p>[vc_section][vc_row][vc_column][vc_column_text] Trayectoria [\/vc_column_text][vc_column_text]Enric F\u00e0bregas, int\u00e9rprete\u00a0 Entre los a\u00f1os 1994-1996 realiza estudios de danza contempor\u00e1nea en la escuela La Nau 18. Entre los a\u00f1os 1993 y 1994, forma parte del grupo de teatro Tripijoc, participando en la creaci\u00f3n del espect\u00e1culo ASKARIASI. En marzo de 1996 baila con la compa\u00f1\u00eda LA SOTA DE BASTOS, en el espect\u00e1culo [&hellip;]<\/p>\n","protected":false},"author":1,"featured_media":0,"parent":2531,"menu_order":0,"comment_status":"closed","ping_status":"closed","template":"","meta":{"_acf_changed":false,"footnotes":""},"class_list":["post-3561","page","type-page","status-publish","hentry"],"acf":[],"yoast_head":"<!-- This site is optimized with the Yoast SEO plugin v27.5 - https:\/\/yoast.com\/product\/yoast-seo-wordpress\/ -->\n<title>Enric F\u00e0bregas - Mal Pelo<\/title>\n<meta name=\"robots\" content=\"index, follow, max-snippet:-1, max-image-preview:large, max-video-preview:-1\" \/>\n<link rel=\"canonical\" href=\"https:\/\/www.malpelo.org\/es\/quienes-somos\/enric-fabregas\/\" \/>\n<meta property=\"og:locale\" content=\"es_ES\" \/>\n<meta property=\"og:type\" content=\"article\" \/>\n<meta property=\"og:title\" content=\"Enric F\u00e0bregas - Mal Pelo\" \/>\n<meta property=\"og:description\" content=\"[vc_section][vc_row][vc_column][vc_column_text] Trayectoria [\/vc_column_text][vc_column_text]Enric F\u00e0bregas, int\u00e9rprete\u00a0 Entre los a\u00f1os 1994-1996 realiza estudios de danza contempor\u00e1nea en la escuela La Nau 18. Entre los a\u00f1os 1993 y 1994, forma parte del grupo de teatro Tripijoc, participando en la creaci\u00f3n del espect\u00e1culo ASKARIASI. En marzo de 1996 baila con la compa\u00f1\u00eda LA SOTA DE BASTOS, en el espect\u00e1culo [&hellip;]\" \/>\n<meta property=\"og:url\" content=\"https:\/\/www.malpelo.org\/es\/quienes-somos\/enric-fabregas\/\" \/>\n<meta property=\"og:site_name\" content=\"Mal Pelo\" \/>\n<meta property=\"article:modified_time\" content=\"2022-07-12T18:13:24+00:00\" \/>\n<meta name=\"twitter:card\" content=\"summary_large_image\" \/>\n<meta name=\"twitter:label1\" content=\"Tiempo de lectura\" \/>\n\t<meta name=\"twitter:data1\" content=\"1 minuto\" \/>\n<script type=\"application\/ld+json\" class=\"yoast-schema-graph\">{\"@context\":\"https:\\\/\\\/schema.org\",\"@graph\":[{\"@type\":\"WebPage\",\"@id\":\"https:\\\/\\\/www.malpelo.org\\\/es\\\/quienes-somos\\\/enric-fabregas\\\/\",\"url\":\"https:\\\/\\\/www.malpelo.org\\\/es\\\/quienes-somos\\\/enric-fabregas\\\/\",\"name\":\"Enric F\u00e0bregas - Mal Pelo\",\"isPartOf\":{\"@id\":\"https:\\\/\\\/www.malpelo.org\\\/#website\"},\"datePublished\":\"2022-07-12T18:08:36+00:00\",\"dateModified\":\"2022-07-12T18:13:24+00:00\",\"breadcrumb\":{\"@id\":\"https:\\\/\\\/www.malpelo.org\\\/es\\\/quienes-somos\\\/enric-fabregas\\\/#breadcrumb\"},\"inLanguage\":\"es\",\"potentialAction\":[{\"@type\":\"ReadAction\",\"target\":[\"https:\\\/\\\/www.malpelo.org\\\/es\\\/quienes-somos\\\/enric-fabregas\\\/\"]}]},{\"@type\":\"BreadcrumbList\",\"@id\":\"https:\\\/\\\/www.malpelo.org\\\/es\\\/quienes-somos\\\/enric-fabregas\\\/#breadcrumb\",\"itemListElement\":[{\"@type\":\"ListItem\",\"position\":1,\"name\":\"Inici\",\"item\":\"https:\\\/\\\/www.malpelo.org\\\/es\\\/\"},{\"@type\":\"ListItem\",\"position\":2,\"name\":\"Qui\u00e9nes somos\",\"item\":\"https:\\\/\\\/www.malpelo.org\\\/es\\\/quienes-somos\\\/\"},{\"@type\":\"ListItem\",\"position\":3,\"name\":\"Enric F\u00e0bregas\"}]},{\"@type\":\"WebSite\",\"@id\":\"https:\\\/\\\/www.malpelo.org\\\/#website\",\"url\":\"https:\\\/\\\/www.malpelo.org\\\/\",\"name\":\"Mal Pelo\",\"description\":\"Mal Pelo\",\"potentialAction\":[{\"@type\":\"SearchAction\",\"target\":{\"@type\":\"EntryPoint\",\"urlTemplate\":\"https:\\\/\\\/www.malpelo.org\\\/?s={search_term_string}\"},\"query-input\":{\"@type\":\"PropertyValueSpecification\",\"valueRequired\":true,\"valueName\":\"search_term_string\"}}],\"inLanguage\":\"es\"}]}<\/script>\n<!-- \/ Yoast SEO plugin. -->","yoast_head_json":{"title":"Enric F\u00e0bregas - Mal Pelo","robots":{"index":"index","follow":"follow","max-snippet":"max-snippet:-1","max-image-preview":"max-image-preview:large","max-video-preview":"max-video-preview:-1"},"canonical":"https:\/\/www.malpelo.org\/es\/quienes-somos\/enric-fabregas\/","og_locale":"es_ES","og_type":"article","og_title":"Enric F\u00e0bregas - Mal Pelo","og_description":"[vc_section][vc_row][vc_column][vc_column_text] Trayectoria [\/vc_column_text][vc_column_text]Enric F\u00e0bregas, int\u00e9rprete\u00a0 Entre los a\u00f1os 1994-1996 realiza estudios de danza contempor\u00e1nea en la escuela La Nau 18. Entre los a\u00f1os 1993 y 1994, forma parte del grupo de teatro Tripijoc, participando en la creaci\u00f3n del espect\u00e1culo ASKARIASI. En marzo de 1996 baila con la compa\u00f1\u00eda LA SOTA DE BASTOS, en el espect\u00e1culo [&hellip;]","og_url":"https:\/\/www.malpelo.org\/es\/quienes-somos\/enric-fabregas\/","og_site_name":"Mal Pelo","article_modified_time":"2022-07-12T18:13:24+00:00","twitter_card":"summary_large_image","twitter_misc":{"Tiempo de lectura":"1 minuto"},"schema":{"@context":"https:\/\/schema.org","@graph":[{"@type":"WebPage","@id":"https:\/\/www.malpelo.org\/es\/quienes-somos\/enric-fabregas\/","url":"https:\/\/www.malpelo.org\/es\/quienes-somos\/enric-fabregas\/","name":"Enric F\u00e0bregas - Mal Pelo","isPartOf":{"@id":"https:\/\/www.malpelo.org\/#website"},"datePublished":"2022-07-12T18:08:36+00:00","dateModified":"2022-07-12T18:13:24+00:00","breadcrumb":{"@id":"https:\/\/www.malpelo.org\/es\/quienes-somos\/enric-fabregas\/#breadcrumb"},"inLanguage":"es","potentialAction":[{"@type":"ReadAction","target":["https:\/\/www.malpelo.org\/es\/quienes-somos\/enric-fabregas\/"]}]},{"@type":"BreadcrumbList","@id":"https:\/\/www.malpelo.org\/es\/quienes-somos\/enric-fabregas\/#breadcrumb","itemListElement":[{"@type":"ListItem","position":1,"name":"Inici","item":"https:\/\/www.malpelo.org\/es\/"},{"@type":"ListItem","position":2,"name":"Qui\u00e9nes somos","item":"https:\/\/www.malpelo.org\/es\/quienes-somos\/"},{"@type":"ListItem","position":3,"name":"Enric F\u00e0bregas"}]},{"@type":"WebSite","@id":"https:\/\/www.malpelo.org\/#website","url":"https:\/\/www.malpelo.org\/","name":"Mal Pelo","description":"Mal Pelo","potentialAction":[{"@type":"SearchAction","target":{"@type":"EntryPoint","urlTemplate":"https:\/\/www.malpelo.org\/?s={search_term_string}"},"query-input":{"@type":"PropertyValueSpecification","valueRequired":true,"valueName":"search_term_string"}}],"inLanguage":"es"}]}},"_links":{"self":[{"href":"https:\/\/www.malpelo.org\/es\/wp-json\/wp\/v2\/pages\/3561","targetHints":{"allow":["GET"]}}],"collection":[{"href":"https:\/\/www.malpelo.org\/es\/wp-json\/wp\/v2\/pages"}],"about":[{"href":"https:\/\/www.malpelo.org\/es\/wp-json\/wp\/v2\/types\/page"}],"author":[{"embeddable":true,"href":"https:\/\/www.malpelo.org\/es\/wp-json\/wp\/v2\/users\/1"}],"replies":[{"embeddable":true,"href":"https:\/\/www.malpelo.org\/es\/wp-json\/wp\/v2\/comments?post=3561"}],"version-history":[{"count":2,"href":"https:\/\/www.malpelo.org\/es\/wp-json\/wp\/v2\/pages\/3561\/revisions"}],"predecessor-version":[{"id":3563,"href":"https:\/\/www.malpelo.org\/es\/wp-json\/wp\/v2\/pages\/3561\/revisions\/3563"}],"up":[{"embeddable":true,"href":"https:\/\/www.malpelo.org\/es\/wp-json\/wp\/v2\/pages\/2531"}],"wp:attachment":[{"href":"https:\/\/www.malpelo.org\/es\/wp-json\/wp\/v2\/media?parent=3561"}],"curies":[{"name":"wp","href":"https:\/\/api.w.org\/{rel}","templated":true}]}}